{"id":35,"date":"2026-04-13T13:46:52","date_gmt":"2026-04-13T13:46:52","guid":{"rendered":"https:\/\/stationcycles.fr\/?page_id=35"},"modified":"2026-04-28T10:17:23","modified_gmt":"2026-04-28T10:17:23","slug":"services","status":"publish","type":"page","link":"https:\/\/stationcycles.fr\/services\/","title":{"rendered":"Services"},"content":{"rendered":"\n<div class=\"wp-block-group alignfull has-global-padding is-layout-constrained wp-container-core-group-is-layout-4383d167 wp-block-group-is-layout-constrained\">\n<div class=\"wp-block-group alignwide has-global-padding is-layout-constrained wp-container-core-group-is-layout-5ff8a92b wp-block-group-is-layout-constrained\" style=\"margin-top:0;margin-bottom:0;padding-top:100px;padding-bottom:100px\">\n<div class=\"wp-block-columns is-layout-flex wp-container-core-columns-is-layout-92515837 wp-block-columns-is-layout-flex\">\n<div class=\"wp-block-column is-layout-flow wp-block-column-is-layout-flow\">\n<figure class=\"wp-block-image aligncenter size-full is-resized\"><img loading=\"lazy\" decoding=\"async\" width=\"240\" height=\"100\" src=\"http:\/\/stationcycles.fr\/wp-content\/uploads\/2026\/04\/Fichier-38.png\" alt=\"\" class=\"wp-image-112\" style=\"width:566px;height:auto\"\/><\/figure>\n\n\n\n<figure class=\"wp-block-image size-large\"><img loading=\"lazy\" decoding=\"async\" width=\"724\" height=\"1024\" src=\"https:\/\/stationcycles.fr\/wp-content\/uploads\/2026\/04\/tarif-prestation-atelier-2-724x1024.png\" alt=\"\" class=\"wp-image-101\" srcset=\"https:\/\/stationcycles.fr\/wp-content\/uploads\/2026\/04\/tarif-prestation-atelier-2-724x1024.png 724w, https:\/\/stationcycles.fr\/wp-content\/uploads\/2026\/04\/tarif-prestation-atelier-2-212x300.png 212w, https:\/\/stationcycles.fr\/wp-content\/uploads\/2026\/04\/tarif-prestation-atelier-2-768x1086.png 768w, https:\/\/stationcycles.fr\/wp-content\/uploads\/2026\/04\/tarif-prestation-atelier-2-1086x1536.png 1086w, https:\/\/stationcycles.fr\/wp-content\/uploads\/2026\/04\/tarif-prestation-atelier-2.png 1414w\" sizes=\"auto, (max-width: 724px) 100vw, 724px\" \/><\/figure>\n<\/div>\n\n\n\n<div class=\"wp-block-column is-vertically-aligned-center has-global-padding is-content-justification-left is-layout-constrained wp-container-core-column-is-layout-12dd3699 wp-block-column-is-layout-constrained\">\n<h3 class=\"wp-block-heading has-text-align-left has-text-color has-suranna-font-family\" style=\"color:#000000;margin-top:0.5rem;margin-bottom:0rem;font-size:clamp(24.034px, 1.502rem + ((1vw - 3.2px) * 1.814), 40px);font-style:normal;font-weight:500;letter-spacing:0px;line-height:1.3\">R\u00e9paration\/entretien v\u00e9lo <\/h3>\n\n\n\n<hr class=\"wp-block-separator has-alpha-channel-opacity\"\/>\n\n\n\n<figure class=\"wp-block-image size-large\"><img loading=\"lazy\" decoding=\"async\" width=\"724\" height=\"1024\" src=\"https:\/\/stationcycles.fr\/wp-content\/uploads\/2026\/04\/tarif-prestation-atelier-1-724x1024.png\" alt=\"\" class=\"wp-image-100\" srcset=\"https:\/\/stationcycles.fr\/wp-content\/uploads\/2026\/04\/tarif-prestation-atelier-1-724x1024.png 724w, https:\/\/stationcycles.fr\/wp-content\/uploads\/2026\/04\/tarif-prestation-atelier-1-212x300.png 212w, https:\/\/stationcycles.fr\/wp-content\/uploads\/2026\/04\/tarif-prestation-atelier-1-768x1086.png 768w, https:\/\/stationcycles.fr\/wp-content\/uploads\/2026\/04\/tarif-prestation-atelier-1-1086x1536.png 1086w, https:\/\/stationcycles.fr\/wp-content\/uploads\/2026\/04\/tarif-prestation-atelier-1.png 1414w\" sizes=\"auto, (max-width: 724px) 100vw, 724px\" \/><\/figure>\n<\/div>\n<\/div>\n<\/div>\n<\/div>\n\n\n\n<div class=\"wp-block-group alignfull has-global-padding is-layout-constrained wp-container-core-group-is-layout-4383d167 wp-block-group-is-layout-constrained\">\n<div class=\"wp-block-group alignwide has-global-padding is-layout-constrained wp-container-core-group-is-layout-1be1424c wp-block-group-is-layout-constrained\" style=\"margin-top:0;margin-bottom:0;padding-bottom:100px\">\n<div class=\"wp-block-columns is-layout-flex wp-container-core-columns-is-layout-92515837 wp-block-columns-is-layout-flex\">\n<div class=\"wp-block-column is-vertically-aligned-center has-global-padding is-content-justification-left is-layout-constrained wp-container-core-column-is-layout-12dd3699 wp-block-column-is-layout-constrained\">\n<h3 class=\"wp-block-heading has-text-align-left has-text-color has-suranna-font-family\" style=\"color:#000000;margin-top:0.5rem;margin-bottom:0rem;font-size:clamp(24.034px, 1.502rem + ((1vw - 3.2px) * 1.814), 40px);font-style:normal;font-weight:500;letter-spacing:0px;line-height:1.3\">Service R\u00e9paration v\u00e9lo pour les entreprises<\/h3>\n\n\n\n<p>Nous intervenons directement sur votre site avec tout l\u2019\u00e9quipement professionnel n\u00e9cessaire. Vos collaborateur\u00b7ices d\u00e9posent leur v\u00e9lo pendant la journ\u00e9e et le r\u00e9cup\u00e8rent ensuite enti\u00e8rement r\u00e9vis\u00e9 et pr\u00eat \u00e0 rouler !<\/p>\n\n\n\n<p>Gr\u00e2ce \u00e0 notre camion mobile et notre stock de pi\u00e8ces d\u00e9tach\u00e9es, nous pouvons intervenir rapidement et traiter les diff\u00e9rentes types de panne les plus courantes en proposant des prestations qualitatives et adapt\u00e9s \u00e0 chaque pratique..<\/p>\n\n\n\n<p>Nous proposons \u00e9galement deux offres entretiens (essentiel et s\u00e9r\u00e9nit\u00e9) pour repartir en tout tranquillit\u00e9.<\/p>\n\n\n\n<p>Station cycles intervient sur toutes types de v\u00e9los (VTT, VTC, Gravel, route,v\u00e9lopliant,VAE).<\/p>\n\n\n\n<p><strong>Des b\u00e9n\u00e9fices imm\u00e9diats pour booster votre entreprise<\/strong><\/p>\n\n\n\n<ul class=\"wp-block-list\">\n<li><strong>S\u00e9curisez chaque trajet<\/strong> : des v\u00e9los parfaitement entretenus pour des d\u00e9placements domicile-travail en toute confiance<\/li>\n\n\n\n<li><strong>Faites rayonner votre engagement RSE<\/strong> : transformez vos actions environnementales en v\u00e9ritable levier d\u2019attractivit\u00e9<\/li>\n\n\n\n<li><strong>Boostez bien-\u00eatre et performance<\/strong> : des collaborateurs moins stress\u00e9s, plus \u00e9nergiques et plus productifs<\/li>\n\n\n\n<li><strong>Optimisez vos co\u00fbts<\/strong> : misez sur une mobilit\u00e9 durable, \u00e9conomique et gagnante sur le long terme<\/li>\n\n\n\n<li><strong>Cr\u00e9ez une dynamique collective forte<\/strong> : f\u00e9d\u00e9rez vos \u00e9quipes autour d\u2019initiatives porteuses de sens<\/li>\n<\/ul>\n\n\n\n<p><\/p>\n\n\n\n<p><\/p>\n\n\n\n<div class=\"wp-block-buttons is-horizontal is-content-justification-left is-layout-flex wp-container-core-buttons-is-layout-324fa30b wp-block-buttons-is-layout-flex\" style=\"margin-top:20px\">\n<div class=\"wp-block-button has-custom-width wp-block-button__width-50 is-style-fill\"><a class=\"wp-block-button__link has-text-color has-background has-pontano-sans-font-family has-custom-font-size wp-element-button\" href=\"#\" style=\"border-style:none;border-width:0px;border-radius:0rem;color:#fffffd;background-color:#e27013;padding-top:0.71rem;padding-right:0.31rem;padding-bottom:0.71rem;padding-left:0.31rem;font-size:clamp(0.875rem, 0.875rem + ((1vw - 0.2rem) * 0.245), 1.01rem);font-style:normal;font-weight:600;letter-spacing:1px;line-height:1.5;text-transform:uppercase\">discover<\/a><\/div>\n<\/div>\n<\/div>\n\n\n\n<div class=\"wp-block-column is-layout-flow wp-block-column-is-layout-flow\">\n<figure class=\"wp-block-image alignright size-full\"><img loading=\"lazy\" decoding=\"async\" width=\"1280\" height=\"853\" src=\"http:\/\/stationcycles.fr\/wp-content\/uploads\/2026\/04\/pexels-jean-fourche-1046629814-31638904.jpg\" alt=\"\" class=\"wp-image-98\" style=\"aspect-ratio:3\/2;object-fit:cover\" srcset=\"https:\/\/stationcycles.fr\/wp-content\/uploads\/2026\/04\/pexels-jean-fourche-1046629814-31638904.jpg 1280w, https:\/\/stationcycles.fr\/wp-content\/uploads\/2026\/04\/pexels-jean-fourche-1046629814-31638904-300x200.jpg 300w, https:\/\/stationcycles.fr\/wp-content\/uploads\/2026\/04\/pexels-jean-fourche-1046629814-31638904-1024x682.jpg 1024w, https:\/\/stationcycles.fr\/wp-content\/uploads\/2026\/04\/pexels-jean-fourche-1046629814-31638904-768x512.jpg 768w\" sizes=\"auto, (max-width: 1280px) 100vw, 1280px\" \/><\/figure>\n\n\n\n<h2 class=\"wp-block-heading\"><strong>Comment se d\u00e9roule la prestation ?<\/strong><\/h2>\n\n\n\n<h3 class=\"wp-block-heading\">Prise de contact<\/h3>\n\n\n\n<p>Nous \u00e9changeons avec vous pour d\u00e9finir vos&nbsp;<strong>besoins<\/strong>&nbsp;: nombre de v\u00e9los \u00e0 r\u00e9parer, emplacement pr\u00e9vu pour la prestation. Un questionnaire vous sera envoyez en amont de l\u2019intervention pour communiquer aupr\u00e8s de vos collaborateurs\u00b7ices. <\/p>\n\n\n\n<p><strong>Installation<\/strong> <\/p>\n\n\n\n<p>Le jour de la prestation, nous arrivons avec notre camion. Vos collaborateurs\u00b7ices d\u00e9posent leur v\u00e9lo pendant leur journ\u00e9e de travail. Nous \u00e9tablissons un diagnostic complet de chaque v\u00e9lo avec un devis pr\u00e9cis envoy\u00e9 par sms ou par mail et r\u00e9alisons toutes les&nbsp;<strong>r\u00e9parations<\/strong>.<\/p>\n<\/div>\n<\/div>\n<\/div>\n<\/div>\n\n\n\n<div class=\"wp-block-group alignfull has-global-padding is-layout-constrained wp-container-core-group-is-layout-4383d167 wp-block-group-is-layout-constrained\">\n<div class=\"wp-block-group alignwide has-global-padding is-layout-constrained wp-container-core-group-is-layout-1be1424c wp-block-group-is-layout-constrained\" style=\"margin-top:0;margin-bottom:0;padding-bottom:100px\">\n<div class=\"wp-block-columns is-layout-flex wp-container-core-columns-is-layout-92515837 wp-block-columns-is-layout-flex\">\n<div class=\"wp-block-column is-layout-flow wp-block-column-is-layout-flow\">\n<figure class=\"wp-block-image alignleft size-full\"><img loading=\"lazy\" decoding=\"async\" width=\"1920\" height=\"1280\" src=\"http:\/\/stationcycles.fr\/wp-content\/uploads\/2026\/04\/taylor-smith-K6v29UYxZ2w-unsplash.jpg\" alt=\"\" class=\"wp-image-95\" srcset=\"https:\/\/stationcycles.fr\/wp-content\/uploads\/2026\/04\/taylor-smith-K6v29UYxZ2w-unsplash.jpg 1920w, https:\/\/stationcycles.fr\/wp-content\/uploads\/2026\/04\/taylor-smith-K6v29UYxZ2w-unsplash-300x200.jpg 300w, https:\/\/stationcycles.fr\/wp-content\/uploads\/2026\/04\/taylor-smith-K6v29UYxZ2w-unsplash-1024x683.jpg 1024w, https:\/\/stationcycles.fr\/wp-content\/uploads\/2026\/04\/taylor-smith-K6v29UYxZ2w-unsplash-768x512.jpg 768w, https:\/\/stationcycles.fr\/wp-content\/uploads\/2026\/04\/taylor-smith-K6v29UYxZ2w-unsplash-1536x1024.jpg 1536w\" sizes=\"auto, (max-width: 1920px) 100vw, 1920px\" \/><\/figure>\n<\/div>\n\n\n\n<div class=\"wp-block-column is-vertically-aligned-center has-global-padding is-content-justification-left is-layout-constrained wp-container-core-column-is-layout-12dd3699 wp-block-column-is-layout-constrained\">\n<h3 class=\"wp-block-heading has-text-align-left has-text-color has-suranna-font-family\" style=\"color:#000000;margin-top:0.5rem;margin-bottom:0rem;font-size:clamp(24.034px, 1.502rem + ((1vw - 3.2px) * 1.814), 40px);font-style:normal;font-weight:500;letter-spacing:0px;line-height:1.3\">Service freelance pour les magasins de v\u00e9lo<\/h3>\n\n\n\n<hr class=\"wp-block-separator has-alpha-channel-opacity\"\/>\n\n\n\n<p class=\"has-text-color has-link-color has-pontano-sans-font-family wp-elements-ff8ed5bf3710d353d206f0ffe2cf906a\" style=\"color:#000000;font-size:clamp(14px, 0.875rem + ((1vw - 3.2px) * 0.455), 18px);\">Mon service de freelance permet aux magasins locaux de<br>g\u00e9rer leurs pics d&rsquo;activit\u00e9 (saisonnalit\u00e9) sans les co\u00fbts fixes d&rsquo;un recrutement, cr\u00e9ant<br>ainsi un \u00e9cosyst\u00e8me de collaboration plut\u00f4t que de pure concurrence.<\/p>\n\n\n\n<p class=\"has-text-color has-link-color has-pontano-sans-font-family wp-elements-4cde5be859da451f26fa1b0bb9f4e45f\" style=\"color:#000000;font-size:clamp(14px, 0.875rem + ((1vw - 3.2px) * 0.455), 18px);\"><\/p>\n\n\n\n<div class=\"wp-block-buttons is-horizontal is-content-justification-left is-layout-flex wp-container-core-buttons-is-layout-324fa30b wp-block-buttons-is-layout-flex\" style=\"margin-top:20px\">\n<div class=\"wp-block-button has-custom-width wp-block-button__width-50 is-style-fill\"><a class=\"wp-block-button__link has-text-color has-background has-pontano-sans-font-family has-custom-font-size wp-element-button\" href=\"#\" style=\"border-style:none;border-width:0px;border-radius:0rem;color:#fffffd;background-color:#e27013;padding-top:0.71rem;padding-right:0.31rem;padding-bottom:0.71rem;padding-left:0.31rem;font-size:clamp(0.875rem, 0.875rem + ((1vw - 0.2rem) * 0.245), 1.01rem);font-style:normal;font-weight:600;letter-spacing:1px;line-height:1.5;text-transform:uppercase\">Contact now<\/a><\/div>\n<\/div>\n<\/div>\n<\/div>\n<\/div>\n<\/div>\n\n\n\n<section class=\"wp-block-cover alignfull\" style=\"margin-top:0px;padding-top:1.01rem;padding-bottom:1.01rem;min-height:430px;aspect-ratio:unset;\"><img loading=\"lazy\" decoding=\"async\" width=\"683\" height=\"1024\" class=\"wp-block-cover__image-background wp-image-46 size-large\" alt=\"\" src=\"http:\/\/stationcycles.fr\/wp-content\/uploads\/2026\/04\/ryan-waring-BFdHyMPojEA-unsplash-683x1024.jpg\" data-object-fit=\"cover\" srcset=\"https:\/\/stationcycles.fr\/wp-content\/uploads\/2026\/04\/ryan-waring-BFdHyMPojEA-unsplash-683x1024.jpg 683w, https:\/\/stationcycles.fr\/wp-content\/uploads\/2026\/04\/ryan-waring-BFdHyMPojEA-unsplash-200x300.jpg 200w, https:\/\/stationcycles.fr\/wp-content\/uploads\/2026\/04\/ryan-waring-BFdHyMPojEA-unsplash-768x1152.jpg 768w, https:\/\/stationcycles.fr\/wp-content\/uploads\/2026\/04\/ryan-waring-BFdHyMPojEA-unsplash-1024x1536.jpg 1024w, https:\/\/stationcycles.fr\/wp-content\/uploads\/2026\/04\/ryan-waring-BFdHyMPojEA-unsplash-1365x2048.jpg 1365w, https:\/\/stationcycles.fr\/wp-content\/uploads\/2026\/04\/ryan-waring-BFdHyMPojEA-unsplash-scaled.jpg 1707w\" sizes=\"auto, (max-width: 683px) 100vw, 683px\" \/><span aria-hidden=\"true\" class=\"wp-block-cover__background has-background-dim-0 has-background-dim\" style=\"background-color:#edf1f2\"><\/span><div class=\"wp-block-cover__inner-container has-global-padding is-layout-constrained wp-container-core-cover-is-layout-b1bebcb3 wp-block-cover-is-layout-constrained\">\n<p class=\"has-text-align-center has-large-font-size\"><\/p>\n<\/div><\/section>\n","protected":false},"excerpt":{"rendered":"<p>R\u00e9paration\/entretien v\u00e9lo Service R\u00e9paration v\u00e9lo pour les entreprises Nous intervenons directement sur votre site avec tout l\u2019\u00e9quipement professionnel n\u00e9cessaire. Vos collaborateur\u00b7ices d\u00e9posent leur v\u00e9lo pendant la journ\u00e9e et le r\u00e9cup\u00e8rent ensuite enti\u00e8rement r\u00e9vis\u00e9 et pr\u00eat \u00e0 rouler ! Gr\u00e2ce \u00e0 notre camion mobile et notre stock de pi\u00e8ces d\u00e9tach\u00e9es, nous pouvons intervenir rapidement et traiter [&hellip;]<\/p>\n","protected":false},"author":1,"featured_media":0,"parent":0,"menu_order":0,"comment_status":"closed","ping_status":"closed","template":"","meta":{"footnotes":""},"class_list":["post-35","page","type-page","status-publish","hentry"],"_links":{"self":[{"href":"https:\/\/stationcycles.fr\/wp-json\/wp\/v2\/pages\/35","targetHints":{"allow":["GET"]}}],"collection":[{"href":"https:\/\/stationcycles.fr\/wp-json\/wp\/v2\/pages"}],"about":[{"href":"https:\/\/stationcycles.fr\/wp-json\/wp\/v2\/types\/page"}],"author":[{"embeddable":true,"href":"https:\/\/stationcycles.fr\/wp-json\/wp\/v2\/users\/1"}],"replies":[{"embeddable":true,"href":"https:\/\/stationcycles.fr\/wp-json\/wp\/v2\/comments?post=35"}],"version-history":[{"count":14,"href":"https:\/\/stationcycles.fr\/wp-json\/wp\/v2\/pages\/35\/revisions"}],"predecessor-version":[{"id":133,"href":"https:\/\/stationcycles.fr\/wp-json\/wp\/v2\/pages\/35\/revisions\/133"}],"wp:attachment":[{"href":"https:\/\/stationcycles.fr\/wp-json\/wp\/v2\/media?parent=35"}],"curies":[{"name":"wp","href":"https:\/\/api.w.org\/{rel}","templated":true}]}}